{"id":1391,"date":"2022-04-11T20:47:41","date_gmt":"2022-04-11T23:47:41","guid":{"rendered":"https:\/\/ifdvirasoro-crr.infd.edu.ar\/sitio\/?page_id=1391"},"modified":"2022-04-11T20:47:42","modified_gmt":"2022-04-11T23:47:42","slug":"plan-de-estudios-hys","status":"publish","type":"page","link":"https:\/\/ifdvirasoro-crr.infd.edu.ar\/sitio\/plan-de-estudios-hys\/","title":{"rendered":"Plan de Estudios HyS"},"content":{"rendered":"\n<p><strong><a href=\"http:\/\/www.dgescorrientes.net\/distec2017\/DC-Tec-HigieneSeguridadForestoIndustrial.pdf\" data-type=\"URL\" data-id=\"http:\/\/www.dgescorrientes.net\/distec2017\/DC-Tec-HigieneSeguridadForestoIndustrial.pdf\">TECNICATURA SUPERIOR EN HIGIENE Y SEGURIDAD EN EL TRABAJO CON ORIENTACI\u00d3N FORESTO- INDUSTRIAL.<\/a><\/strong><\/p>\n\n\n\n<p><strong>RESOLUCI\u00d3N:<\/strong><strong> <\/strong>RM N\u00ba 3791 \/16<strong><\/strong><\/p>\n\n\n\n<p><strong>DURACI\u00d3N:<\/strong> 3 A\u00d1OS<\/p>\n\n\n\n<p><strong>CARGA HORARIA<\/strong><\/p>\n\n\n\n<p>Horas c\u00e1tedras: 3.104&nbsp;&nbsp;&nbsp;&nbsp;&nbsp;&nbsp;&nbsp;&nbsp;&nbsp;&nbsp;&nbsp;&nbsp;&nbsp;&nbsp;&nbsp;&nbsp;&nbsp;&nbsp;&nbsp;&nbsp;&nbsp;&nbsp;&nbsp;&nbsp;&nbsp;&nbsp;&nbsp;&nbsp; Horas Reloj:&nbsp; 2070<\/p>\n\n\n\n<p><strong>PLAN DE ESTUDIOS<\/strong><\/p>\n\n\n\n<p><strong>1\u00ba A\u00d1O<\/strong><\/p>\n\n\n\n<figure class=\"wp-block-table\"><table><tbody><tr><td><strong>1<sup>er<\/sup> A\u00f1o<\/strong><\/td><td><strong>1er. Cuatrimestre<\/strong><\/td><\/tr><tr><td><strong>N\u00ba de orden<\/strong><\/td><td><strong>Espacio curricular<\/strong><\/td><td><strong>Duraci\u00f3n<\/strong><\/td><td><strong>Carga horaria<\/strong> <strong>(Horas C\u00e1tedras)<\/strong><\/td><td><strong>Carga horaria total<\/strong><\/td><\/tr><tr><td>01<\/td><td>Introducci\u00f3n a las Ciencias Forestales<\/td><td>Anual<\/td><td>4 Hs<\/td><td>128 Hs<\/td><\/tr><tr><td>02<\/td><td>Organizaci\u00f3n de la Seguridad<\/td><td>Anual<\/td><td>4 Hs<\/td><td>128 Hs<\/td><\/tr><tr><td>03<\/td><td>Lenguaje y Comunicaci\u00f3n<\/td><td>Anual<\/td><td>4 Hs<\/td><td>128 Hs<\/td><\/tr><tr><td>04<\/td><td>Introducci\u00f3n a la Legislaci\u00f3n<\/td><td>Cuatrimestral<\/td><td>5 Hs<\/td><td>80Hs<\/td><\/tr><tr><td>05<\/td><td>Higiene y Seguridad I<\/td><td>Anual<\/td><td>4&nbsp; Hs<\/td><td>128 Hs<\/td><\/tr><tr><td>06<\/td><td>Qu\u00edmica<\/td><td>Cuatrimestral<\/td><td>5 Hs<\/td><td>80Hs<\/td><\/tr><\/tbody><\/table><\/figure>\n\n\n\n<figure class=\"wp-block-table\"><table><tbody><tr><td><strong>1<sup>er<\/sup> A\u00f1o<\/strong><\/td><td><strong>2do. Cuatrimestre<\/strong><\/td><\/tr><tr><td><strong>N\u00ba de orden<\/strong><\/td><td><strong>Espacio curricular<\/strong><\/td><td><strong>Duraci\u00f3n<\/strong><\/td><td><strong>Carga horaria<\/strong> <strong>(Horas C\u00e1tedras)<\/strong><\/td><td><strong>Carga horaria total<\/strong><\/td><\/tr><tr><td>06<\/td><td>F\u00edsica aplicada al trabajo<\/td><td>Cuatrimestral<\/td><td>5 Hs<\/td><td>80Hs<\/td><\/tr><tr><td>07<\/td><td>Inform\u00e1tica Aplicada<\/td><td>Anual<\/td><td>4 Hs<\/td><td>128 Hs<\/td><\/tr><tr><td><a>08<\/a><\/td><td>Qu\u00edmica<\/td><td>Cuatrimestral<\/td><td>5 Hs<\/td><td>80Hs<\/td><\/tr><tr><td>09<\/td><td>Teledetecci\u00f3n y Sist. de informaci\u00f3n Geogr\u00e1fica<\/td><td>Cuatrimestral<strong><\/strong><\/td><td>5Hs<\/td><td>80Hs<\/td><\/tr><tr><td>10<\/td><td>Pr\u00e1ctica Profesional I<\/td><td>Cuatrimestral<\/td><td>6 Hs<\/td><td>96Hs<\/td><\/tr><\/tbody><\/table><\/figure>\n\n\n\n<p><strong>2\u00ba A\u00d1O<\/strong><\/p>\n\n\n\n<figure class=\"wp-block-table\"><table><tbody><tr><td><strong>2<sup>do<\/sup> A\u00f1o<\/strong><\/td><td><strong>1er. Cuatrimestre<\/strong><\/td><\/tr><tr><td><strong>N\u00ba de orden<\/strong><\/td><td><strong>Espacio curricular<\/strong><\/td><td><strong>Duraci\u00f3n<\/strong><\/td><td><strong>Carga horaria<\/strong> <strong>(Horas C\u00e1tedras)<\/strong><\/td><td><strong>Carga horaria total<\/strong><\/td><\/tr><tr><td>11<\/td><td>Ingl\u00e9s T\u00e9cnico<\/td><td>Anual<\/td><td>4 Hs<\/td><td>128 Hs<\/td><\/tr><tr><td>12<\/td><td>Matem\u00e1tica y Estad\u00edstica Aplicada<\/td><td>Anual<\/td><td>4 Hs<\/td><td>128 Hs<\/td><\/tr><tr><td>13<\/td><td>Gesti\u00f3n de la Calidad de los Sistemas de Producci\u00f3n<\/td><td>Anual<\/td><td>4 Hs<\/td><td>128 Hs<\/td><\/tr><tr><td>14<\/td><td>Tecnolog\u00eda de la Madera<\/td><td>Cuatrimestral<\/td><td>5 Hs<\/td><td>80Hs<\/td><\/tr><tr><td>15<\/td><td>Higiene y Seguridad II<\/td><td>Anual<\/td><td>5 Hs<\/td><td>160Hs<\/td><\/tr><\/tbody><\/table><\/figure>\n\n\n\n<figure class=\"wp-block-table\"><table><tbody><tr><td><strong>2<sup>do<\/sup> A\u00f1o<\/strong><\/td><td><strong>2do. Cuatrimestre<\/strong><\/td><\/tr><tr><td><strong>N\u00ba de orden<\/strong><\/td><td><strong>Espacio curricular<\/strong><\/td><td><strong>Duraci\u00f3n<\/strong><\/td><td><strong>Carga horaria<\/strong> <strong>(Horas C\u00e1tedras)<\/strong><\/td><td><strong>Carga horaria total<\/strong><\/td><\/tr><tr><td>16<\/td><td>Medicina Laboral y Primeros Auxilios<\/td><td>Cuatrimestral<\/td><td>6 Hs<\/td><td>96Hs<\/td><\/tr><tr><td>17<\/td><td>Aspectos Higi\u00e9nicos &#8211; Ambientales<\/td><td>Anual<\/td><td>4 Hs<\/td><td>128 Hs<\/td><\/tr><tr><td>18<\/td><td>Instalaciones, m\u00e1quinas y herramientas forestales<\/td><td>Cuatrimestral<\/td><td>6 Hs<\/td><td>96Hs<\/td><\/tr><tr><td>19<\/td><td>Pr\u00e1ctica Profesional II<\/td><td>Anual<\/td><td>6 Hs<\/td><td>192Hs<\/td><\/tr><\/tbody><\/table><\/figure>\n\n\n\n<p><strong>3\u00ba A\u00d1O<\/strong><\/p>\n\n\n\n<figure class=\"wp-block-table\"><table><tbody><tr><td><strong>3<sup>er<\/sup> A\u00f1o<\/strong><\/td><td><strong>1er. Cuatrimestre<\/strong><\/td><\/tr><tr><td><strong>N\u00ba de orden<\/strong><\/td><td><strong>Espacio curricular<\/strong><\/td><td><strong>Duraci\u00f3n<\/strong><\/td><td><strong>Carga horaria<\/strong> <strong>(Horas C\u00e1tedras)<\/strong><\/td><td><strong>Carga horaria total<\/strong><\/td><\/tr><tr><td>20<\/td><td>Lenguaje y Comunicaci\u00f3n T\u00e9cnica<\/td><td>Cuatrimestral<\/td><td>5 Hs<\/td><td>80Hs<\/td><\/tr><tr><td>21<\/td><td>Prevenci\u00f3n Contra Incendios y manejo del Fuego<\/td><td>Cuatrimestral<\/td><td>5 Hs<\/td><td>80Hs<\/td><\/tr><tr><td>22<\/td><td>Aspectos Preventivos<\/td><td>Cuatrimestral<\/td><td>5Hs<\/td><td>80Hs<\/td><\/tr><tr><td>23<\/td><td>Acciones Seguras en el Trabajo<\/td><td>Anual<\/td><td>4 Hs<\/td><td>128 Hs<\/td><\/tr><tr><td>24<\/td><td>Administraci\u00f3n de Empresas Forestales<\/td><td>Anual<\/td><td>4 hs<\/td><td>128 Hs<\/td><\/tr><\/tbody><\/table><\/figure>\n\n\n\n<figure class=\"wp-block-table\"><table><tbody><tr><td><strong>3<sup>er<\/sup> A\u00f1o<\/strong><\/td><td><strong>2do. Cuatrimestre<\/strong><\/td><\/tr><tr><td><strong>N\u00ba de orden<\/strong><\/td><td><strong>Espacio curricular<\/strong><\/td><td><strong>Duraci\u00f3n<\/strong><\/td><td><strong>Carga horaria<\/strong> <strong>(Horas C\u00e1tedras)<\/strong><\/td><td><strong>Carga horaria total<\/strong><\/td><\/tr><tr><td>25<\/td><td>Legislaci\u00f3n Laboral<\/td><td>Cuatrimestral<\/td><td>4 Hs<\/td><td>64Hs<\/td><\/tr><tr><td>26<\/td><td>Seguridad Social<\/td><td>Cuatrimestral<\/td><td>5 Hs<\/td><td>80Hs<\/td><\/tr><tr><td>27<\/td><td>\u00c9tica y Deontolog\u00eda Profesional<\/td><td>Cuatrimestral<\/td><td>4 Hs<\/td><td>64Hs<\/td><\/tr><tr><td>28<\/td><td>Proyecto Final<\/td><td>Cuatrimestral<\/td><td>4 Hs<\/td><td>64Hs<\/td><\/tr><tr><td>29<\/td><td>Pr\u00e1ctica Profesional II<\/td><td>Anual<\/td><td>7 Hs<\/td><td>224Hs<\/td><\/tr><\/tbody><\/table><\/figure>\n\n\n\n<p><strong>Alcances del t\u00edtulo<\/strong><\/p>\n\n\n\n<p>El T\u00e9cnico en Higiene y Seguridad en el Trabajo con orientaci\u00f3n Foresto-Industrial ser\u00e1 competente para:<\/p>\n\n\n\n<ul><li>Participar de grupos interdisciplinarios a fin de realizar un estudio en Higiene y Seguridad en las distintas etapas de la Foresto &#8211; Industria.<\/li><li>Colaborar con el profesional de Higiene y Seguridad en la selecci\u00f3n y\/o generaci\u00f3n de t\u00e9cnicas adecuadas para el an\u00e1lisis de casos vinculados a la tem\u00e1tica de Higiene y Seguridad Laboral en especial en la Foresto-Industria.<\/li><li>Asistir en la elaboraci\u00f3n, ejecuci\u00f3n y evaluaci\u00f3n de planes, programas y proyectos de preservaci\u00f3n, mejoramiento y aprovechamiento forestal e industria forestal.<\/li><li>Colaborar con el profesional de Higiene y Seguridad en la Implementaci\u00f3n de planes, diagn\u00f3sticos y la evaluaci\u00f3n de riesgos de Condiciones y Medio Ambiente de Trabajo.<\/li><li>Asistir en el control de contingencias, emergencias y mitigaci\u00f3n y\/o neutralizaci\u00f3n de riesgos a los que est\u00e1n expuestos las personas, el medio ambiente y los bienes de producci\u00f3n, de comercializaci\u00f3n y de servicios.<\/li><li>Actuar como peritos auxiliares en temas relacionados con la seguridad e higiene en los procesos foresto-industriales.<\/li><li>Coordinar con el profesional de Higiene y Seguridad en la elaboraci\u00f3n de modelos de gesti\u00f3n en la prevenci\u00f3n de riesgos, programas de Seguridad y minimizaci\u00f3n de siniestralidad laboral.<\/li><li>Contribuir con el Profesional de Higiene y Seguridad en la confecci\u00f3n de normas y t\u00e9cnicas relacionadas con el tema.<\/li><li>Participar en diagn\u00f3sticos referidos a condiciones de seguridad e higiene en la cadena productiva de la foresto-industria.<\/li><li>Inspeccionar el cumplimiento de las exigencias legales vigentes que en materia de Higiene y Seguridad laboral corresponden aplicarse en todo lugar de trabajo.<\/li><\/ul>\n","protected":false},"excerpt":{"rendered":"<p>TECNICATURA SUPERIOR EN HIGIENE Y SEGURIDAD EN EL TRABAJO CON ORIENTACI\u00d3N FORESTO- INDUSTRIAL. RESOLUCI\u00d3N: RM N\u00ba 3791 \/16 DURACI\u00d3N: 3 A\u00d1OS CARGA HORARIA Horas c\u00e1tedras: 3.104&nbsp;&nbsp;&nbsp;&nbsp;&nbsp;&nbsp;&nbsp;&nbsp;&nbsp;&nbsp;&nbsp;&nbsp;&nbsp;&nbsp;&nbsp;&nbsp;&nbsp;&nbsp;&nbsp;&nbsp;&nbsp;&nbsp;&nbsp;&nbsp;&nbsp;&nbsp;&nbsp;&nbsp; Horas Reloj:&nbsp; 2070 PLAN DE ESTUDIOS 1\u00ba A\u00d1O 1er A\u00f1o 1er. Cuatrimestre N\u00ba de orden Espacio curricular Duraci\u00f3n Carga horaria (Horas C\u00e1tedras) Carga horaria total 01 Introducci\u00f3n a las &#8230; <a title=\"Plan de Estudios HyS\" class=\"read-more\" href=\"https:\/\/ifdvirasoro-crr.infd.edu.ar\/sitio\/plan-de-estudios-hys\/\" aria-label=\"More on Plan de Estudios HyS\">[+]<\/a><\/p>\n","protected":false},"author":678,"featured_media":0,"parent":0,"menu_order":0,"comment_status":"closed","ping_status":"closed","template":"","meta":[],"acf":[],"_links":{"self":[{"href":"https:\/\/ifdvirasoro-crr.infd.edu.ar\/sitio\/wp-json\/wp\/v2\/pages\/1391"}],"collection":[{"href":"https:\/\/ifdvirasoro-crr.infd.edu.ar\/sitio\/wp-json\/wp\/v2\/pages"}],"about":[{"href":"https:\/\/ifdvirasoro-crr.infd.edu.ar\/sitio\/wp-json\/wp\/v2\/types\/page"}],"author":[{"embeddable":true,"href":"https:\/\/ifdvirasoro-crr.infd.edu.ar\/sitio\/wp-json\/wp\/v2\/users\/678"}],"replies":[{"embeddable":true,"href":"https:\/\/ifdvirasoro-crr.infd.edu.ar\/sitio\/wp-json\/wp\/v2\/comments?post=1391"}],"version-history":[{"count":2,"href":"https:\/\/ifdvirasoro-crr.infd.edu.ar\/sitio\/wp-json\/wp\/v2\/pages\/1391\/revisions"}],"predecessor-version":[{"id":1395,"href":"https:\/\/ifdvirasoro-crr.infd.edu.ar\/sitio\/wp-json\/wp\/v2\/pages\/1391\/revisions\/1395"}],"wp:attachment":[{"href":"https:\/\/ifdvirasoro-crr.infd.edu.ar\/sitio\/wp-json\/wp\/v2\/media?parent=1391"}],"curies":[{"name":"wp","href":"https:\/\/api.w.org\/{rel}","templated":true}]}}