{"id":827,"date":"2018-07-02T19:39:32","date_gmt":"2018-07-02T22:39:32","guid":{"rendered":"https:\/\/ifdvirasoro-crr.infd.edu.ar\/sitio\/institucionales\/"},"modified":"2024-11-29T21:11:00","modified_gmt":"2024-11-30T00:11:00","slug":"institucionales","status":"publish","type":"page","link":"https:\/\/ifdvirasoro-crr.infd.edu.ar\/sitio\/institucionales\/","title":{"rendered":"Institucionales"},"content":{"rendered":"<p style=\"text-align: center;\"><strong><span style=\"color: #0000ff; font-size: 12pt;\">DIRECTIVOS<\/span><\/strong><\/p>\n<p style=\"margin: 0cm; margin-bottom: .0001pt;\"><span style=\"color: blue;\"><strong>Rector:<\/strong>\u00a0 Prof. Univ. Adriana Tajada<\/span><br \/>\n<span style=\"color: blue;\"><strong>Vicerrector:<\/strong>\u00a0 Prof. Univ. Gabriel Gustavo Kruchowski\u00a0<\/span><\/p>\n<p style=\"margin: 0cm 0cm 0.0001pt; text-align: center; padding-left: 40px;\"><strong><span style=\"color: blue;\">CONSEJO DIRECTIVO<\/span><\/strong><\/p>\n<p><span style=\"color: blue;\"><strong>Rector:<\/strong> Prof. Univ. Adriana Tajada<br \/>\n<strong>Vicerrector:<\/strong>\u00a0 Prof. Univ. Gabriel Gustavo Kruchowski<\/span><br \/>\n<span style=\"color: blue;\"><strong>Secretaria Administrativa:<\/strong> Prof. Valeria Galarza<\/span><br \/>\n<span style=\"color: blue;\"><strong>Secretaria Acad\u00e9mica:<\/strong>\u00a0 Prof. Univ. D\u00e9borah\u00a0 Roa<\/span><br \/>\n<span style=\"color: blue;\"><strong>Representante de los Docentes:<\/strong> Prof. Univ. Cristian Acu\u00f1a<\/span><br \/>\n<span style=\"color: blue;\"><strong>Representante de los Alumnos:<\/strong> Cristina Ramirez<\/span><\/p>\n<p style=\"text-align: center;\"><span style=\"color: #0000ff;\"><span style=\"color: #0000ff;\"><strong><span style=\"color: #0000ff; font-size: 12pt;\">COORDINACIONES DE \u00c1REAS<\/span><\/strong><br \/>\n<\/span><\/span><\/p>\n<p><span style=\"color: #0000ff;\"><strong>Coordinaci\u00f3n de formaci\u00f3n Inicial:<\/strong> <span style=\"color: blue;\">Prof. Univ. <\/span>Patricia Poison<\/span><br \/>\n<span style=\"color: #0000ff;\"><strong>Coordinaci\u00f3n de Formaci\u00f3n Continua:<\/strong> Prof. Univ. Fernanda Torres<\/span><br \/>\n<span style=\"color: #0000ff;\"><strong>Coordinaci\u00f3n de Pr\u00e1cticas Docentes:<\/strong> <span style=\"color: blue;\">Prof. Univ. <\/span>Liliana Mart\u00ednez<\/span><br \/>\n<span style=\"color: #0000ff;\"><strong>Coordinaci\u00f3n de Pol\u00edticas Estudiantiles:<\/strong> <span style=\"color: blue;\">Prof. Univ. <\/span>Roxana G\u00f3mez<\/span><\/p>\n<p><span style=\"color: #0000ff;\"><strong>Coordinaci\u00f3n de Centro de Recursos de Apoyo T\u00e9cnico Pedag\u00f3gico:<\/strong> <span style=\"color: blue;\">Prof. Univ. Bulloni Diego<\/span><\/span><\/p>\n<p><span style=\"color: #0000ff;\"><strong>Coordinaci\u00f3n de Apoyo Pedag\u00f3gico a las Escuelas:<\/strong> <span style=\"color: blue;\">Prof. Univ. <\/span>Flavia Taines<\/span><br \/>\n<span style=\"color: #0000ff;\"><strong>Coordinaci\u00f3n de Investigaci\u00f3n:<\/strong> <span style=\"color: blue;\">Prof. Univ. <\/span>Ileana Hern\u00e1ndez<\/span><\/p>\n<p><span style=\"color: #0000ff;\"><strong>Coordinaci\u00f3n de Pr\u00e1cticas Profesionalizantes: <\/strong>Prof. Univ. Miriam Escobar<\/span><\/p>\n<p style=\"text-align: center;\"><span style=\"font-size: 12pt; color: #0000ff;\"><strong>COORDINACIONES\u00a0DE CARRERA<\/strong> \u00a0\u00a0<\/span><\/p>\n<p><span style=\"font-size: 12pt; color: #0000ff;\"><strong><span style=\"color: #0000ff;\">Coordinaci\u00f3n<\/span> del Profesorado de Educaci\u00f3n Inicial:<\/strong> <span style=\"color: blue;\">Prof. Univ. <\/span>Silvia Flores<br \/>\n<strong><span style=\"color: #0000ff;\">Coordinaci\u00f3n<\/span> del Profesorado de Educaci\u00f3n Secundaria en F\u00edsica:<\/strong> <span style=\"color: blue;\">Prof. Univ. <\/span> Marisol Acu\u00f1a.<br \/>\n<strong><span style=\"color: #0000ff;\">Coordinaci\u00f3n<\/span> del Profesorado de Educaci\u00f3n Secundaria en Inform\u00e1tica:<\/strong> <span style=\"color: blue;\">Prof. Univ. Melisa Ferreyra<\/span>.<\/span><\/p>\n<p><span style=\"font-size: 12pt; color: #0000ff;\"><strong><span style=\"color: #0000ff;\">Coordinaci\u00f3n<\/span> del Profesorado de Educaci\u00f3n Especial con orientacion en discapacidad intelectual:<\/strong> <\/span><\/p>\n<p><span style=\"font-size: 12pt; color: #0000ff;\"><strong><span style=\"color: #0000ff;\">Coordinaci\u00f3n<\/span> de la Tec. Sup. En Higiene y Seguridad en el trabajo con orientaci\u00f3n Foresto Industrial:<\/strong> Prof. Julio Rodr\u00edguez.<\/span><\/p>\n<p><span style=\"font-size: 12pt; color: #0000ff;\"><strong><span style=\"color: #0000ff;\">Coordinaci\u00f3n<\/span> de la Tec. Sup. En Hoteleria:<\/strong> Prof. Univ. Ines Schauvinhold<br \/>\n<\/span><span style=\"font-size: 12pt; color: #0000ff;\"><strong><span style=\"color: #0000ff;\">Coordinaci\u00f3n<\/span> de la Tec. Sup. En Gestion Ambiental:<\/strong> Constanza Castillo Mazo.<\/span><\/p>\n<p style=\"text-align: center;\"><strong><span style=\"color: #0000ff; font-size: 12pt;\">ADMINISTRACI\u00d3N<\/span><\/strong><\/p>\n<p style=\"margin: 0cm; margin-bottom: .0001pt;\"><span style=\"color: blue;\"><strong>Bedeles:<\/strong>\u00a0 Prof. Ivana Koropeski, Prof. Mauro Mart\u00ednez y Prof. Miriam Ortega<\/span><\/p>\n<p style=\"margin: 0cm; margin-bottom: .0001pt;\"><span style=\"color: blue;\"><strong>Auxiliar Admistrativo:<\/strong> Prof. Nicol\u00e1s Ortega<\/span><\/p>\n<p><span style=\"font-size: 12pt; color: #0000ff;\"><strong>Bibliotecaria:<\/strong> Alicia Ayala<\/span><br \/>\n<span style=\"font-size: 12pt; color: #0000ff;\"><strong>Bibliotecario:<\/strong> Daniel Togachinki<\/span><\/p>\n<p style=\"text-align: center;\"><span style=\"font-size: 12pt; color: #0000ff;\"><strong>DOCENTES<\/strong>\u00a0<\/span><\/p>\n<p><img decoding=\"async\" loading=\"lazy\" class=\"alignnone size-medium wp-image-1150\" src=\"https:\/\/ifdvirasoro-crr.infd.edu.ar\/sitio\/wp-content\/uploads\/2019\/10\/WhatsApp-Image-2019-10-02-at-21.47.12-1000x750.jpeg\" alt=\"\" width=\"1000\" height=\"750\" srcset=\"https:\/\/ifdvirasoro-crr.infd.edu.ar\/sitio\/wp-content\/uploads\/2019\/10\/WhatsApp-Image-2019-10-02-at-21.47.12-1000x750.jpeg 1000w, https:\/\/ifdvirasoro-crr.infd.edu.ar\/sitio\/wp-content\/uploads\/2019\/10\/WhatsApp-Image-2019-10-02-at-21.47.12-768x576.jpeg 768w, https:\/\/ifdvirasoro-crr.infd.edu.ar\/sitio\/wp-content\/uploads\/2019\/10\/WhatsApp-Image-2019-10-02-at-21.47.12.jpeg 1280w\" sizes=\"(max-width: 1000px) 100vw, 1000px\" \/><\/p>\n","protected":false},"excerpt":{"rendered":"<p>DIRECTIVOS Rector:\u00a0 Prof. Univ. Adriana Tajada Vicerrector:\u00a0 Prof. Univ. Gabriel Gustavo Kruchowski\u00a0 CONSEJO DIRECTIVO Rector: Prof. Univ. Adriana Tajada Vicerrector:\u00a0 Prof. Univ. Gabriel Gustavo Kruchowski Secretaria Administrativa: Prof. Valeria Galarza Secretaria Acad\u00e9mica:\u00a0 Prof. Univ. D\u00e9borah\u00a0 Roa Representante de los Docentes: Prof. Univ. Cristian Acu\u00f1a Representante de los Alumnos: Cristina Ramirez COORDINACIONES DE \u00c1REAS Coordinaci\u00f3n de &#8230; <a title=\"Institucionales\" class=\"read-more\" href=\"https:\/\/ifdvirasoro-crr.infd.edu.ar\/sitio\/institucionales\/\" aria-label=\"More on Institucionales\">[+]<\/a><\/p>\n","protected":false},"author":561,"featured_media":0,"parent":0,"menu_order":0,"comment_status":"closed","ping_status":"closed","template":"","meta":[],"acf":[],"_links":{"self":[{"href":"https:\/\/ifdvirasoro-crr.infd.edu.ar\/sitio\/wp-json\/wp\/v2\/pages\/827"}],"collection":[{"href":"https:\/\/ifdvirasoro-crr.infd.edu.ar\/sitio\/wp-json\/wp\/v2\/pages"}],"about":[{"href":"https:\/\/ifdvirasoro-crr.infd.edu.ar\/sitio\/wp-json\/wp\/v2\/types\/page"}],"author":[{"embeddable":true,"href":"https:\/\/ifdvirasoro-crr.infd.edu.ar\/sitio\/wp-json\/wp\/v2\/users\/561"}],"replies":[{"embeddable":true,"href":"https:\/\/ifdvirasoro-crr.infd.edu.ar\/sitio\/wp-json\/wp\/v2\/comments?post=827"}],"version-history":[{"count":22,"href":"https:\/\/ifdvirasoro-crr.infd.edu.ar\/sitio\/wp-json\/wp\/v2\/pages\/827\/revisions"}],"predecessor-version":[{"id":2357,"href":"https:\/\/ifdvirasoro-crr.infd.edu.ar\/sitio\/wp-json\/wp\/v2\/pages\/827\/revisions\/2357"}],"wp:attachment":[{"href":"https:\/\/ifdvirasoro-crr.infd.edu.ar\/sitio\/wp-json\/wp\/v2\/media?parent=827"}],"curies":[{"name":"wp","href":"https:\/\/api.w.org\/{rel}","templated":true}]}}